{"id":18143,"date":"2025-04-08T17:24:59","date_gmt":"2025-04-08T15:24:59","guid":{"rendered":"https:\/\/www.israel-opera.co.il\/?post_type=cast&#038;p=18143"},"modified":"2026-02-11T19:38:08","modified_gmt":"2026-02-11T17:38:08","slug":"prochnick-edna-mezzo-soprano","status":"publish","type":"cast","link":"https:\/\/www.israel-opera.co.il\/en\/cast\/prochnick-edna-mezzo-soprano\/","title":{"rendered":"Prochnick Edna, Mezzo-Soprano"},"content":{"rendered":"<p dir=\"ltr\" align=\"justify\"><strong>Edna Prochnick<\/strong>, mezzo soprano,\u00a0was born in Israel. Her operatic repertoire includes Erda, Fricka and Waltraute in\u00a0<b>Der Ring des Nibelungen<\/b>, Kundry in\u00a0<b>Parsifal\u00a0<\/b>(Wagner), Klytamnestra in\u00a0<b>Elektra<\/b>\u00a0(R. Strauss), Orlovsky in\u00a0<b>Die Fledermaus<\/b>\u00a0(J. Strauss), Amneris in\u00a0<b>Aida<\/b>, Eboli in\u00a0<b>Don Carlo<\/b>, Mrs. Quickly in\u00a0<b>Falstaff<\/b>, Ulrica in\u00a0<b>Un ballo in maschera<\/b>, Fenena in\u00a0<b>Nabucco<\/b>\u00a0(Verdi), Suzuki in\u00a0<b>Madama<\/b>\u00a0<b>Butterfly<\/b>\u00a0(Puccini), Santuzza in\u00a0<b>Cavalleria rusticana\u00a0<\/b>(Mascagni) and many other roles. She performs at the opera houses of Mannheim, Kassel, St. Margarethen, Palm Beach, Bergen, Bregenz, Prague, Tokyo, Paris, Nuremberg, Wiesbaden. Salzburg and others.<\/p>\n<div dir=\"ltr\" align=\"justify\">Her roles at the Israeli Opera:<\/div>\n<div dir=\"ltr\" align=\"justify\">\n<div align=\"justify\"><b>Rusalka<\/b>: Jezibaba (2024)<\/div>\n<div align=\"justify\"><b>Requiem &#8211; Verdi<\/b>\u00a0(2024)<\/div>\n<\/div>\n<div dir=\"ltr\" align=\"justify\"><strong>Yevgeni Onegin<\/strong>: Filippyevna (2022)<\/div>\n<div dir=\"ltr\" align=\"justify\"><strong>Salome<\/strong>: Herodias (2019)<\/div>\n<div dir=\"ltr\" align=\"justify\"><b>Kindertotenlieder<\/b>\u00a0(2010)<br aria-hidden=\"true\" \/><b>A Journey to the End of the Millennium<\/b>: First Wife (2008) &#8211; a tour to the Rome Opera<br aria-hidden=\"true\" \/><b>Giulio Cesare in Egitto<\/b>: Cornelia (2006)<br aria-hidden=\"true\" \/><b>Die Zauberfl\u00f6te<\/b>: Third Lady (2006)<br aria-hidden=\"true\" \/><b>A Journey to the End of the Millennium<\/b>: First Wife (2005)<br aria-hidden=\"true\" \/><b>Rusalka<\/b>: Cook (2004)<br aria-hidden=\"true\" \/><b>Aida<\/b>: Amneris (2003)<br aria-hidden=\"true\" \/><b>Peter Grimes<\/b>: Auntie (2003)<br aria-hidden=\"true\" \/><b>L&#8217;incoronazione di Poppea<\/b>: Ottavia (2002)<br aria-hidden=\"true\" \/><b>Matth\u00e4us-Passion<\/b>: Alto I (2002)<br aria-hidden=\"true\" \/><b>Peter Grimes<\/b>: Auntie (2002)<br aria-hidden=\"true\" \/><b>Die Fledermaus<\/b>: Orlofsky (2001)<br aria-hidden=\"true\" \/><b>K\u00e1\u0165a Kabanov\u00e1<\/b>: Varvara (2001)<br aria-hidden=\"true\" \/><b>Dear Son of Mine<\/b>: Rachel (2000)<br aria-hidden=\"true\" \/><b>Les Contes d&#8217;Hoffmann<\/b>: Voice of\u00a0Antonia&#8217;s Mother\u00a0(1996)<\/div>\n","protected":false},"excerpt":{"rendered":"<p>Edna Prochnick, mezzo soprano,\u00a0was born in Israel. Her operatic repertoire includes Erda, Fricka and Waltraute in\u00a0Der Ring des Nibelungen, Kundry in\u00a0Parsifal\u00a0(Wagner), Klytamnestra in\u00a0Elektra\u00a0(R. Strauss), Orlovsky in\u00a0Die Fledermaus\u00a0(J. Strauss), Amneris in\u00a0Aida, Eboli in\u00a0Don Carlo, Mrs. Quickly in\u00a0Falstaff, Ulrica in\u00a0Un ballo in maschera, Fenena in\u00a0Nabucco\u00a0(Verdi), Suzuki in\u00a0Madama\u00a0Butterfly\u00a0(Puccini), Santuzza in\u00a0Cavalleria rusticana\u00a0(Mascagni) and many other roles. She performs at [&hellip;]<\/p>\n","protected":false},"author":6,"featured_media":23803,"template":"","format":"standard","meta":{"_acf_changed":false,"footnotes":"","_links_to":"","_links_to_target":""},"creator-type":[126],"class_list":["post-18143","cast","type-cast","status-publish","format-standard","has-post-thumbnail","hentry","creator-type-soloists"],"acf":[],"yoast_head":"<!-- This site is optimized with the Yoast SEO plugin v26.9 - https:\/\/yoast.com\/product\/yoast-seo-wordpress\/ -->\n<title>Prochnick Edna, Mezzo-Soprano | The Israeli Opera<\/title>\n<meta name=\"description\" content=\"All the information about Prochnick Edna, Mezzo-Soprano \u2013 The Israeli Opera in Tel Aviv-Yafo. Visit the site for details on ticket purchases and season subscriptions.\" \/>\n<meta name=\"robots\" content=\"index, follow, max-snippet:-1, max-image-preview:large, max-video-preview:-1\" \/>\n<link rel=\"canonical\" href=\"https:\/\/www.israel-opera.co.il\/en\/cast\/prochnick-edna-mezzo-soprano\/\" \/>\n<meta property=\"og:locale\" content=\"en_US\" \/>\n<meta property=\"og:type\" content=\"article\" \/>\n<meta property=\"og:title\" content=\"Prochnick Edna, Mezzo-Soprano | The Israeli Opera\" \/>\n<meta property=\"og:description\" content=\"All the information about Prochnick Edna, Mezzo-Soprano \u2013 The Israeli Opera in Tel Aviv-Yafo. Visit the site for details on ticket purchases and season subscriptions.\" \/>\n<meta property=\"og:url\" content=\"https:\/\/www.israel-opera.co.il\/en\/cast\/prochnick-edna-mezzo-soprano\/\" \/>\n<meta property=\"og:site_name\" content=\"\u05d4\u05d0\u05d5\u05e4\u05e8\u05d4 \u05d4\u05d9\u05e9\u05e8\u05d0\u05dc\u05d9\u05ea \u05ea\u05dc-\u05d0\u05d1\u05d9\u05d1 - \u05d9\u05e4\u05d5\" \/>\n<meta property=\"article:publisher\" content=\"https:\/\/www.facebook.com\/israeliopera\/?locale=he_IL\" \/>\n<meta property=\"article:modified_time\" content=\"2026-02-11T17:38:08+00:00\" \/>\n<meta property=\"og:image\" content=\"https:\/\/www.israel-opera.co.il\/wp-content\/uploads\/2025\/04\/file1-4.jpeg\" \/>\n\t<meta property=\"og:image:width\" content=\"1118\" \/>\n\t<meta property=\"og:image:height\" content=\"1533\" \/>\n\t<meta property=\"og:image:type\" content=\"image\/jpeg\" \/>\n<meta name=\"twitter:card\" content=\"summary_large_image\" \/>\n<meta name=\"twitter:label1\" content=\"Est. reading time\" \/>\n\t<meta name=\"twitter:data1\" content=\"2 minutes\" \/>\n<script type=\"application\/ld+json\" class=\"yoast-schema-graph\">{\"@context\":\"https:\/\/schema.org\",\"@graph\":[{\"@type\":\"WebPage\",\"@id\":\"https:\/\/www.israel-opera.co.il\/en\/cast\/prochnick-edna-mezzo-soprano\/\",\"url\":\"https:\/\/www.israel-opera.co.il\/en\/cast\/prochnick-edna-mezzo-soprano\/\",\"name\":\"Prochnick Edna, Mezzo-Soprano | The Israeli Opera\",\"isPartOf\":{\"@id\":\"https:\/\/www.israel-opera.co.il\/en\/#website\"},\"primaryImageOfPage\":{\"@id\":\"https:\/\/www.israel-opera.co.il\/en\/cast\/prochnick-edna-mezzo-soprano\/#primaryimage\"},\"image\":{\"@id\":\"https:\/\/www.israel-opera.co.il\/en\/cast\/prochnick-edna-mezzo-soprano\/#primaryimage\"},\"thumbnailUrl\":\"https:\/\/www.israel-opera.co.il\/wp-content\/uploads\/2025\/04\/file1-4.jpeg\",\"datePublished\":\"2025-04-08T15:24:59+00:00\",\"dateModified\":\"2026-02-11T17:38:08+00:00\",\"description\":\"All the information about Prochnick Edna, Mezzo-Soprano \u2013 The Israeli Opera in Tel Aviv-Yafo. Visit the site for details on ticket purchases and season subscriptions.\",\"breadcrumb\":{\"@id\":\"https:\/\/www.israel-opera.co.il\/en\/cast\/prochnick-edna-mezzo-soprano\/#breadcrumb\"},\"inLanguage\":\"en-US\",\"potentialAction\":[{\"@type\":\"ReadAction\",\"target\":[\"https:\/\/www.israel-opera.co.il\/en\/cast\/prochnick-edna-mezzo-soprano\/\"]}]},{\"@type\":\"ImageObject\",\"inLanguage\":\"en-US\",\"@id\":\"https:\/\/www.israel-opera.co.il\/en\/cast\/prochnick-edna-mezzo-soprano\/#primaryimage\",\"url\":\"https:\/\/www.israel-opera.co.il\/wp-content\/uploads\/2025\/04\/file1-4.jpeg\",\"contentUrl\":\"https:\/\/www.israel-opera.co.il\/wp-content\/uploads\/2025\/04\/file1-4.jpeg\",\"width\":1118,\"height\":1533,\"caption\":\"\u05e2\u05d3\u05e0\u05d4 \u05e4\u05e8\u05d5\u05d7\u05e0\u05d9\u05e7\"},{\"@type\":\"BreadcrumbList\",\"@id\":\"https:\/\/www.israel-opera.co.il\/en\/cast\/prochnick-edna-mezzo-soprano\/#breadcrumb\",\"itemListElement\":[{\"@type\":\"ListItem\",\"position\":1,\"name\":\"Homepage\",\"item\":\"https:\/\/www.israel-opera.co.il\/en\/\"},{\"@type\":\"ListItem\",\"position\":2,\"name\":\"Artists\",\"item\":\"https:\/\/www.israel-opera.co.il\/en\/cast\/\"},{\"@type\":\"ListItem\",\"position\":3,\"name\":\"Prochnick Edna, Mezzo-Soprano\"}]},{\"@type\":\"WebSite\",\"@id\":\"https:\/\/www.israel-opera.co.il\/en\/#website\",\"url\":\"https:\/\/www.israel-opera.co.il\/en\/\",\"name\":\"\u05d4\u05d0\u05d5\u05e4\u05e8\u05d4 \u05d4\u05d9\u05e9\u05e8\u05d0\u05dc\u05d9\u05ea \u05ea\u05dc-\u05d0\u05d1\u05d9\u05d1 - \u05d9\u05e4\u05d5\",\"description\":\"\u05d0\u05ea\u05e8 \u05d4\u05d1\u05d9\u05ea \u05e9\u05dc \u05d4\u05d0\u05d5\u05e4\u05e8\u05d4 \u05d4\u05d9\u05e9\u05e8\u05d0\u05dc\u05d9\u05ea!  \u05db\u05d0\u05df \u05ea\u05d5\u05db\u05dc\u05d5 \u05dc\u05de\u05e6\u05d5\u05d0 \u05d0\u05ea \u05db\u05dc \u05d4\u05de\u05d9\u05d3\u05e2 \u05d5\u05dc\u05e8\u05db\u05d5\u05e9 \u05db\u05e8\u05d8\u05d9\u05e1\u05d9\u05dd \u05dc\u05de\u05d5\u05e4\u05e2\u05d9 \u05d4\u05d0\u05d5\u05e4\u05e8\u05d4, \u05d4\u05de\u05d7\u05d5\u05dc, \u05d4\u05de\u05d5\u05e1\u05d9\u05e7\u05d4 \u05d5\u05d4\u05d9\u05dc\u05d3\u05d9\u05dd \u05e9\u05dc\u05e0\",\"publisher\":{\"@id\":\"https:\/\/www.israel-opera.co.il\/en\/#organization\"},\"potentialAction\":[{\"@type\":\"SearchAction\",\"target\":{\"@type\":\"EntryPoint\",\"urlTemplate\":\"https:\/\/www.israel-opera.co.il\/en\/?s={search_term_string}\"},\"query-input\":{\"@type\":\"PropertyValueSpecification\",\"valueRequired\":true,\"valueName\":\"search_term_string\"}}],\"inLanguage\":\"en-US\"},{\"@type\":\"Organization\",\"@id\":\"https:\/\/www.israel-opera.co.il\/en\/#organization\",\"name\":\"\u05d4\u05d0\u05d5\u05e4\u05e8\u05d4 \u05d4\u05d9\u05e9\u05e8\u05d0\u05dc\u05d9\u05ea\",\"url\":\"https:\/\/www.israel-opera.co.il\/en\/\",\"logo\":{\"@type\":\"ImageObject\",\"inLanguage\":\"en-US\",\"@id\":\"https:\/\/www.israel-opera.co.il\/en\/#\/schema\/logo\/image\/\",\"url\":\"https:\/\/www.israel-opera.co.il\/wp-content\/uploads\/2025\/06\/opera_logo_red_RGB.svg\",\"contentUrl\":\"https:\/\/www.israel-opera.co.il\/wp-content\/uploads\/2025\/06\/opera_logo_red_RGB.svg\",\"width\":1000,\"height\":1000,\"caption\":\"\u05d4\u05d0\u05d5\u05e4\u05e8\u05d4 \u05d4\u05d9\u05e9\u05e8\u05d0\u05dc\u05d9\u05ea\"},\"image\":{\"@id\":\"https:\/\/www.israel-opera.co.il\/en\/#\/schema\/logo\/image\/\"},\"sameAs\":[\"https:\/\/www.facebook.com\/israeliopera\/?locale=he_IL\"]}]}<\/script>\n<!-- \/ Yoast SEO plugin. -->","yoast_head_json":{"title":"Prochnick Edna, Mezzo-Soprano | The Israeli Opera","description":"All the information about Prochnick Edna, Mezzo-Soprano \u2013 The Israeli Opera in Tel Aviv-Yafo. Visit the site for details on ticket purchases and season subscriptions.","robots":{"index":"index","follow":"follow","max-snippet":"max-snippet:-1","max-image-preview":"max-image-preview:large","max-video-preview":"max-video-preview:-1"},"canonical":"https:\/\/www.israel-opera.co.il\/en\/cast\/prochnick-edna-mezzo-soprano\/","og_locale":"en_US","og_type":"article","og_title":"Prochnick Edna, Mezzo-Soprano | The Israeli Opera","og_description":"All the information about Prochnick Edna, Mezzo-Soprano \u2013 The Israeli Opera in Tel Aviv-Yafo. Visit the site for details on ticket purchases and season subscriptions.","og_url":"https:\/\/www.israel-opera.co.il\/en\/cast\/prochnick-edna-mezzo-soprano\/","og_site_name":"\u05d4\u05d0\u05d5\u05e4\u05e8\u05d4 \u05d4\u05d9\u05e9\u05e8\u05d0\u05dc\u05d9\u05ea \u05ea\u05dc-\u05d0\u05d1\u05d9\u05d1 - \u05d9\u05e4\u05d5","article_publisher":"https:\/\/www.facebook.com\/israeliopera\/?locale=he_IL","article_modified_time":"2026-02-11T17:38:08+00:00","og_image":[{"width":1118,"height":1533,"url":"https:\/\/www.israel-opera.co.il\/wp-content\/uploads\/2025\/04\/file1-4.jpeg","type":"image\/jpeg"}],"twitter_card":"summary_large_image","twitter_misc":{"Est. reading time":"2 minutes"},"schema":{"@context":"https:\/\/schema.org","@graph":[{"@type":"WebPage","@id":"https:\/\/www.israel-opera.co.il\/en\/cast\/prochnick-edna-mezzo-soprano\/","url":"https:\/\/www.israel-opera.co.il\/en\/cast\/prochnick-edna-mezzo-soprano\/","name":"Prochnick Edna, Mezzo-Soprano | The Israeli Opera","isPartOf":{"@id":"https:\/\/www.israel-opera.co.il\/en\/#website"},"primaryImageOfPage":{"@id":"https:\/\/www.israel-opera.co.il\/en\/cast\/prochnick-edna-mezzo-soprano\/#primaryimage"},"image":{"@id":"https:\/\/www.israel-opera.co.il\/en\/cast\/prochnick-edna-mezzo-soprano\/#primaryimage"},"thumbnailUrl":"https:\/\/www.israel-opera.co.il\/wp-content\/uploads\/2025\/04\/file1-4.jpeg","datePublished":"2025-04-08T15:24:59+00:00","dateModified":"2026-02-11T17:38:08+00:00","description":"All the information about Prochnick Edna, Mezzo-Soprano \u2013 The Israeli Opera in Tel Aviv-Yafo. Visit the site for details on ticket purchases and season subscriptions.","breadcrumb":{"@id":"https:\/\/www.israel-opera.co.il\/en\/cast\/prochnick-edna-mezzo-soprano\/#breadcrumb"},"inLanguage":"en-US","potentialAction":[{"@type":"ReadAction","target":["https:\/\/www.israel-opera.co.il\/en\/cast\/prochnick-edna-mezzo-soprano\/"]}]},{"@type":"ImageObject","inLanguage":"en-US","@id":"https:\/\/www.israel-opera.co.il\/en\/cast\/prochnick-edna-mezzo-soprano\/#primaryimage","url":"https:\/\/www.israel-opera.co.il\/wp-content\/uploads\/2025\/04\/file1-4.jpeg","contentUrl":"https:\/\/www.israel-opera.co.il\/wp-content\/uploads\/2025\/04\/file1-4.jpeg","width":1118,"height":1533,"caption":"\u05e2\u05d3\u05e0\u05d4 \u05e4\u05e8\u05d5\u05d7\u05e0\u05d9\u05e7"},{"@type":"BreadcrumbList","@id":"https:\/\/www.israel-opera.co.il\/en\/cast\/prochnick-edna-mezzo-soprano\/#breadcrumb","itemListElement":[{"@type":"ListItem","position":1,"name":"Homepage","item":"https:\/\/www.israel-opera.co.il\/en\/"},{"@type":"ListItem","position":2,"name":"Artists","item":"https:\/\/www.israel-opera.co.il\/en\/cast\/"},{"@type":"ListItem","position":3,"name":"Prochnick Edna, Mezzo-Soprano"}]},{"@type":"WebSite","@id":"https:\/\/www.israel-opera.co.il\/en\/#website","url":"https:\/\/www.israel-opera.co.il\/en\/","name":"\u05d4\u05d0\u05d5\u05e4\u05e8\u05d4 \u05d4\u05d9\u05e9\u05e8\u05d0\u05dc\u05d9\u05ea \u05ea\u05dc-\u05d0\u05d1\u05d9\u05d1 - \u05d9\u05e4\u05d5","description":"\u05d0\u05ea\u05e8 \u05d4\u05d1\u05d9\u05ea \u05e9\u05dc \u05d4\u05d0\u05d5\u05e4\u05e8\u05d4 \u05d4\u05d9\u05e9\u05e8\u05d0\u05dc\u05d9\u05ea!  \u05db\u05d0\u05df \u05ea\u05d5\u05db\u05dc\u05d5 \u05dc\u05de\u05e6\u05d5\u05d0 \u05d0\u05ea \u05db\u05dc \u05d4\u05de\u05d9\u05d3\u05e2 \u05d5\u05dc\u05e8\u05db\u05d5\u05e9 \u05db\u05e8\u05d8\u05d9\u05e1\u05d9\u05dd \u05dc\u05de\u05d5\u05e4\u05e2\u05d9 \u05d4\u05d0\u05d5\u05e4\u05e8\u05d4, \u05d4\u05de\u05d7\u05d5\u05dc, \u05d4\u05de\u05d5\u05e1\u05d9\u05e7\u05d4 \u05d5\u05d4\u05d9\u05dc\u05d3\u05d9\u05dd \u05e9\u05dc\u05e0","publisher":{"@id":"https:\/\/www.israel-opera.co.il\/en\/#organization"},"potentialAction":[{"@type":"SearchAction","target":{"@type":"EntryPoint","urlTemplate":"https:\/\/www.israel-opera.co.il\/en\/?s={search_term_string}"},"query-input":{"@type":"PropertyValueSpecification","valueRequired":true,"valueName":"search_term_string"}}],"inLanguage":"en-US"},{"@type":"Organization","@id":"https:\/\/www.israel-opera.co.il\/en\/#organization","name":"\u05d4\u05d0\u05d5\u05e4\u05e8\u05d4 \u05d4\u05d9\u05e9\u05e8\u05d0\u05dc\u05d9\u05ea","url":"https:\/\/www.israel-opera.co.il\/en\/","logo":{"@type":"ImageObject","inLanguage":"en-US","@id":"https:\/\/www.israel-opera.co.il\/en\/#\/schema\/logo\/image\/","url":"https:\/\/www.israel-opera.co.il\/wp-content\/uploads\/2025\/06\/opera_logo_red_RGB.svg","contentUrl":"https:\/\/www.israel-opera.co.il\/wp-content\/uploads\/2025\/06\/opera_logo_red_RGB.svg","width":1000,"height":1000,"caption":"\u05d4\u05d0\u05d5\u05e4\u05e8\u05d4 \u05d4\u05d9\u05e9\u05e8\u05d0\u05dc\u05d9\u05ea"},"image":{"@id":"https:\/\/www.israel-opera.co.il\/en\/#\/schema\/logo\/image\/"},"sameAs":["https:\/\/www.facebook.com\/israeliopera\/?locale=he_IL"]}]}},"_links":{"self":[{"href":"https:\/\/www.israel-opera.co.il\/en\/wp-json\/wp\/v2\/cast\/18143","targetHints":{"allow":["GET"]}}],"collection":[{"href":"https:\/\/www.israel-opera.co.il\/en\/wp-json\/wp\/v2\/cast"}],"about":[{"href":"https:\/\/www.israel-opera.co.il\/en\/wp-json\/wp\/v2\/types\/cast"}],"author":[{"embeddable":true,"href":"https:\/\/www.israel-opera.co.il\/en\/wp-json\/wp\/v2\/users\/6"}],"version-history":[{"count":1,"href":"https:\/\/www.israel-opera.co.il\/en\/wp-json\/wp\/v2\/cast\/18143\/revisions"}],"predecessor-version":[{"id":18144,"href":"https:\/\/www.israel-opera.co.il\/en\/wp-json\/wp\/v2\/cast\/18143\/revisions\/18144"}],"wp:featuredmedia":[{"embeddable":true,"href":"https:\/\/www.israel-opera.co.il\/en\/wp-json\/wp\/v2\/media\/23803"}],"wp:attachment":[{"href":"https:\/\/www.israel-opera.co.il\/en\/wp-json\/wp\/v2\/media?parent=18143"}],"wp:term":[{"taxonomy":"creator-type","embeddable":true,"href":"https:\/\/www.israel-opera.co.il\/en\/wp-json\/wp\/v2\/creator-type?post=18143"}],"curies":[{"name":"wp","href":"https:\/\/api.w.org\/{rel}","templated":true}]}}